{"id":1801785,"date":"2025-04-04T17:17:59","date_gmt":"2025-04-04T22:17:59","guid":{"rendered":"https:\/\/www.triathlonquebec.org\/coach-congress\/"},"modified":"2026-03-05T12:28:07","modified_gmt":"2026-03-05T17:28:07","slug":"coach-congress","status":"publish","type":"page","link":"https:\/\/www.triathlonquebec.org\/en\/become-a-coach\/coach-congress\/","title":{"rendered":"Coach Congress"},"content":{"rendered":"\t\t<div data-elementor-type=\"wp-page\" data-elementor-id=\"1801785\" class=\"elementor elementor-1801785 elementor-1797859\" data-elementor-post-type=\"page\">\n\t\t\t\t<div class=\"elementor-element elementor-element-6ea837d4 banniere-accueil e-con-full e-flex e-con e-parent\" data-id=\"6ea837d4\" data-element_type=\"container\" data-e-type=\"container\" data-settings=\"{&quot;background_background&quot;:&quot;classic&quot;,&quot;jet_parallax_layout_list&quot;:[]}\">\n\t\t<div class=\"elementor-element elementor-element-6b8af50f e-con-full e-flex e-con e-child\" data-id=\"6b8af50f\" data-element_type=\"container\" data-e-type=\"container\" data-settings=\"{&quot;jet_parallax_layout_list&quot;:[],&quot;background_background&quot;:&quot;classic&quot;}\">\n\t\t<div class=\"elementor-element elementor-element-4efadb75 e-con-full e-flex e-con e-child\" data-id=\"4efadb75\" data-element_type=\"container\" data-e-type=\"container\" data-settings=\"{&quot;jet_parallax_layout_list&quot;:[]}\">\n\t\t\t\t<div class=\"elementor-element elementor-element-5a71b8cc elementor-widget__width-initial elementor-widget-tablet_extra__width-initial elementor-widget elementor-widget-heading\" data-id=\"5a71b8cc\" data-element_type=\"widget\" data-e-type=\"widget\" data-widget_type=\"heading.default\">\n\t\t\t\t<div class=\"elementor-widget-container\">\n\t\t\t\t\t<h1 class=\"elementor-heading-title elementor-size-default\">Congr\u00e8s des entra\u00eeneur\u2e31es de Triathlon Qu\u00e9bec<\/h1>\t\t\t\t<\/div>\n\t\t\t\t<\/div>\n\t\t\t\t<div class=\"elementor-element elementor-element-5d84e991 elementor-widget__width-initial elementor-widget elementor-widget-text-editor\" data-id=\"5d84e991\" data-element_type=\"widget\" data-e-type=\"widget\" data-widget_type=\"text-editor.default\">\n\t\t\t\t<div class=\"elementor-widget-container\">\n\t\t\t\t\t\t\t\t\tAn exceptional day of sharing, learning and networking for all the province&#8217;s coaches\t\t\t\t\t\t\t\t<\/div>\n\t\t\t\t<\/div>\n\t\t\t\t<\/div>\n\t\t\t\t<\/div>\n\t\t<div class=\"elementor-element elementor-element-7aa532c5 e-con-full elementor-hidden-desktop elementor-hidden-laptop elementor-hidden-tablet_extra elementor-hidden-tablet elementor-hidden-mobile e-flex e-con e-child\" data-id=\"7aa532c5\" data-element_type=\"container\" data-e-type=\"container\" data-settings=\"{&quot;jet_parallax_layout_list&quot;:[],&quot;background_background&quot;:&quot;classic&quot;}\">\n\t\t\t\t<\/div>\n\t\t\t\t<\/div>\n\t\t<div class=\"elementor-element elementor-element-786a970e e-flex e-con-boxed e-con e-parent\" data-id=\"786a970e\" data-element_type=\"container\" data-e-type=\"container\" data-settings=\"{&quot;jet_parallax_layout_list&quot;:[]}\">\n\t\t\t\t\t<div class=\"e-con-inner\">\n\t\t<div class=\"elementor-element elementor-element-1024ca06 e-con-full e-flex e-con e-child\" data-id=\"1024ca06\" data-element_type=\"container\" data-e-type=\"container\" data-settings=\"{&quot;jet_parallax_layout_list&quot;:[]}\">\n\t\t<div class=\"elementor-element elementor-element-296934b1 e-con-full elementor-hidden-tablet elementor-hidden-mobile e-flex e-con e-child\" data-id=\"296934b1\" data-element_type=\"container\" data-e-type=\"container\" data-settings=\"{&quot;background_background&quot;:&quot;classic&quot;,&quot;jet_parallax_layout_list&quot;:[]}\">\n\t\t\t\t<\/div>\n\t\t<div class=\"elementor-element elementor-element-360b52f0 e-con-full e-flex e-con e-child\" data-id=\"360b52f0\" data-element_type=\"container\" data-e-type=\"container\" data-settings=\"{&quot;jet_parallax_layout_list&quot;:[]}\">\n\t\t<div class=\"elementor-element elementor-element-40a86c24 e-con-full e-flex e-con e-child\" data-id=\"40a86c24\" data-element_type=\"container\" data-e-type=\"container\" data-settings=\"{&quot;jet_parallax_layout_list&quot;:[]}\">\n\t\t\t\t<div class=\"elementor-element elementor-element-7abaf637 elementor-widget elementor-widget-heading\" data-id=\"7abaf637\" data-element_type=\"widget\" data-e-type=\"widget\" data-widget_type=\"heading.default\">\n\t\t\t\t<div class=\"elementor-widget-container\">\n\t\t\t\t\t<h2 class=\"elementor-heading-title elementor-size-default\"><span><i><strong>Congr\u00e8s 2025: Entre Sciences accessibles et accompagnement...Comment se diff\u00e9rencier comme entraineur\u00b7E en 2025?<\/strong><\/i><\/span><\/h2>\t\t\t\t<\/div>\n\t\t\t\t<\/div>\n\t\t\t\t<div class=\"elementor-element elementor-element-031767f elementor-align-left elementor-widget__width-initial elementor-widget elementor-widget-button\" data-id=\"031767f\" data-element_type=\"widget\" data-e-type=\"widget\" data-widget_type=\"button.default\">\n\t\t\t\t<div class=\"elementor-widget-container\">\n\t\t\t\t\t\t\t\t\t<div class=\"elementor-button-wrapper\">\n\t\t\t\t\t<a class=\"elementor-button elementor-button-link elementor-size-sm\" href=\"https:\/\/www.ms1inscription.com\/congres_entrain_TQ_nov2025\" target=\"_blank\">\n\t\t\t\t\t\t<span class=\"elementor-button-content-wrapper\">\n\t\t\t\t\t\t\t\t\t<span class=\"elementor-button-text\">S'inscrire au congr\u00e8s<\/span>\n\t\t\t\t\t<\/span>\n\t\t\t\t\t<\/a>\n\t\t\t\t<\/div>\n\t\t\t\t\t\t\t\t<\/div>\n\t\t\t\t<\/div>\n\t\t\t\t<div class=\"elementor-element elementor-element-36bf8c79 elementor-widget elementor-widget-text-editor\" data-id=\"36bf8c79\" data-element_type=\"widget\" data-e-type=\"widget\" data-widget_type=\"text-editor.default\">\n\t\t\t\t<div class=\"elementor-widget-container\">\n\t\t\t\t\t\t\t\t\t<p>Nous travaillons d\u00e9j\u00e0 sur le contenu de l\u2019\u00e9dition 2025 qui aura lieu le 2 novembre. \u00c0 moins de changements majeurs, les activit\u00e9s suivantes seront abord\u00e9es: <\/p><ul><li>Exigences biom\u00e9caniques du triathlon<\/li><li>Ateliers techniques en natation, v\u00e9lo et course \u00e0 pied<\/li><li>Comment accompagner les athl\u00e8tes au del\u00e0 de la performance<\/li><li>Planification d&#8217;entrainement : comment bien travailler avec des athl\u00e8tes qui ont des ressources limit\u00e9es (mat\u00e9riel, vie personnelle charg\u00e9e, etc.)<\/li><li>L&#8217;horaire exact sera confirm\u00e9 dans les prochaines semaines.<\/li><\/ul><p><em>* Trois points de perfectionnement professionnel sont accord\u00e9s pour la participation \u00e0 cette journ\u00e9e.<\/em><\/p>\t\t\t\t\t\t\t\t<\/div>\n\t\t\t\t<\/div>\n\t\t\t\t<\/div>\n\t\t\t\t<\/div>\n\t\t\t\t<\/div>\n\t\t\t\t\t<\/div>\n\t\t\t\t<\/div>\n\t\t<div class=\"elementor-element elementor-element-683607f9 e-flex e-con-boxed e-con e-parent\" data-id=\"683607f9\" data-element_type=\"container\" data-e-type=\"container\" data-settings=\"{&quot;jet_parallax_layout_list&quot;:[]}\">\n\t\t\t\t\t<div class=\"e-con-inner\">\n\t\t<div class=\"elementor-element elementor-element-ea338f4 e-con-full e-flex e-con e-child\" data-id=\"ea338f4\" data-element_type=\"container\" data-e-type=\"container\" data-settings=\"{&quot;jet_parallax_layout_list&quot;:[]}\">\n\t\t\t\t<div class=\"elementor-element elementor-element-4502bbf elementor-widget elementor-widget-heading\" data-id=\"4502bbf\" data-element_type=\"widget\" data-e-type=\"widget\" data-widget_type=\"heading.default\">\n\t\t\t\t<div class=\"elementor-widget-container\">\n\t\t\t\t\t<h2 class=\"elementor-heading-title elementor-size-default\">Horaire du congr\u00e8s 2025<\/h2>\t\t\t\t<\/div>\n\t\t\t\t<\/div>\n\t\t\t\t<div class=\"elementor-element elementor-element-daad1ce bloc-accordeon  elementor-widget elementor-widget-jet-accordion\" data-id=\"daad1ce\" data-element_type=\"widget\" data-e-type=\"widget\" data-widget_type=\"jet-accordion.default\">\n\t\t\t\t<div class=\"elementor-widget-container\">\n\t\t\t\t\t\t\t\t\t<div class=\"jet-accordion\" data-settings=\"{&quot;collapsible&quot;:true,&quot;ajaxTemplate&quot;:false,&quot;switchScrolling&quot;:false,&quot;switchScrollingTablet&quot;:false,&quot;switchScrollingMobile&quot;:false,&quot;switchScrollingOffset&quot;:{&quot;size&quot;:0,&quot;unit&quot;:&quot;px&quot;},&quot;switchScrollingOffsetTablet&quot;:{&quot;size&quot;:0,&quot;unit&quot;:&quot;px&quot;},&quot;switchScrollingOffsetMobile&quot;:{&quot;size&quot;:0,&quot;unit&quot;:&quot;px&quot;},&quot;switchScrollingDelay&quot;:500,&quot;switchScrollingDelayTablet&quot;:500,&quot;switchScrollingDelayMobile&quot;:500}\">\n\t\t\t<div class=\"jet-accordion__inner\">\n\t\t\t\t<div class=\" jet-accordion__item jet-toggle jet-toggle-fall-perspective-effect \">\n\t\t\t\t\t\t\t<div id=\"jet-toggle-control-2291\" class=\"jet-toggle__control elementor-menu-anchor\" data-toggle=\"1\" role=\"button\" tabindex=\"0\" aria-controls=\"jet-toggle-content-2291\" aria-expanded=\"false\" data-template-id=\"false\">\n\t\t\t\t\t\t\t\t<div class=\"jet-toggle__label-icon jet-toggle-icon-position-right\"><span class=\"jet-toggle__icon icon-normal jet-tabs-icon\"><svg xmlns=\"http:\/\/www.w3.org\/2000\/svg\" width=\"14\" height=\"17\" viewBox=\"0 0 14 17\" fill=\"none\"><path d=\"M0 9.83301L1.1875 8.62988L6.14062 13.583L6.14062 0.754883H7.85938L7.85938 13.583L12.7969 8.62988L14 9.83301L7 16.833L0 9.83301Z\" fill=\"black\"><\/path><\/svg><\/span><span class=\"jet-toggle__icon icon-active jet-tabs-icon\"><svg xmlns=\"http:\/\/www.w3.org\/2000\/svg\" width=\"16\" height=\"17\" viewBox=\"0 0 16 17\" fill=\"none\"><path d=\"M15.875 8.04199L14.0781 9.85449L9.32031 5.09668V16.2451H6.67969V5.09668L1.92969 9.85449L0.125 8.04199L8 0.166992L15.875 8.04199Z\" fill=\"black\"><\/path><\/svg><\/span><\/div><div class=\"jet-toggle__label-text\">Horaire<\/div>\t\t\t\t\t\t\t<\/div>\n\t\t\t\t\t\t\t<div id=\"jet-toggle-content-2291\" class=\"jet-toggle__content\" data-toggle=\"1\" role=\"region\" data-template-id=\"false\">\n\t\t\t\t\t\t\t\t<div class=\"jet-toggle__content-inner\"><table width=\"643\">\n<thead>\n<tr>\n<td width=\"127\">\n<p><strong>Time<\/strong><\/p>\n<\/td>\n<td width=\"509\">\n<p><strong>Activit\u00e9s<\/strong><\/p>\n<\/td>\n<\/tr>\n<\/thead>\n<tbody>\n<tr>\n<td width=\"127\">\n<p><strong>8h30 &#8211; 8h45<\/strong><\/p>\n<\/td>\n<td width=\"509\">\n<p>Accueil des participants, caf\u00e9 &amp; r\u00e9seautage informel<\/p>\n<\/td>\n<\/tr>\n<tr>\n<td width=\"127\">\n<p><strong>8h45 \u00e0 9h10<\/strong><\/p>\n<\/td>\n<td width=\"509\">\n<p>Mot de bienvenue de Triathlon Qu\u00e9bec<\/p>\n<\/td>\n<\/tr>\n<tr>\n<td width=\"127\">\n<p><strong>9h15 &#8211; 10h30<\/strong><\/p>\n<\/td>\n<td width=\"509\">\n<p><strong>Conf\u00e9rence \u2013 Antoine Jolicoeur Desroches<\/strong><br \/><em>Adapter l\u2019entra\u00eenement du triathl\u00e8te \u00e0 sa r\u00e9alit\u00e9 : charge, r\u00e9cup\u00e9ration et \u00e9quilibre de vie &#8211; Offrir un service comp\u00e9titif comme entra\u00eeneur dans l\u2019\u00e8re de l\u2019intelligence artificielle &#8211;<\/em><\/p>\n<\/td>\n<\/tr>\n<tr>\n<td width=\"127\">\n<p><strong>10h30 \u00e0 10h45<\/strong><\/p>\n<\/td>\n<td width=\"509\">\n<p>Pause-caf\u00e9<\/p>\n<\/td>\n<\/tr>\n<tr>\n<td width=\"127\">\n<p><strong>10h45 &#8211; 12h00<\/strong><\/p>\n<\/td>\n<td width=\"509\">\n<p><strong>Conf\u00e9rence \u2013 F\u00e9lix-Antoine Caya<\/strong><\/p>\n<p><em>Pr\u00e9paration physique, biom\u00e9canique en triathlon et positionnement v\u00e9lo<\/em><\/p>\n<\/td>\n<\/tr>\n<tr>\n<td width=\"127\">\n<p><strong>12h00 &#8211; 13h30<\/strong><\/p>\n<\/td>\n<td width=\"509\">\n<p><strong>D\u00eener discussions th\u00e9matiques<\/strong><\/p>\n<p><em>P\u00e9riodes de discussion de 20 minutes sur des sujets rencontr\u00e9s en triathlon (planification, \u00e9tude de cas, mod\u00e8le de clubs\u2026)<\/em><\/p>\n<\/td>\n<\/tr>\n<tr>\n<td width=\"127\">\n<p><strong>13h30 &#8211; 14h15<\/strong><\/p>\n<\/td>\n<td width=\"509\">\n<p><strong>Atelier de cod\u00e9veloppement <\/strong><\/p>\n<p><em>Vos meilleurs \u00e9ducatifs et interventions techniques en natation, v\u00e9lo et course \u00e0 pied.<\/em><\/p>\n<\/td>\n<\/tr>\n<tr>\n<td width=\"127\">\n<p><strong>14h15 &#8211; 14h30<\/strong><\/p>\n<\/td>\n<td width=\"509\">\n<p><strong>Pause-caf\u00e9<\/strong><\/p>\n<\/td>\n<\/tr>\n<tr>\n<td width=\"127\">\n<p><strong>14h30 &#8211; 16h00<\/strong><\/p>\n<\/td>\n<td width=\"509\">\n<p><strong>Conf\u00e9rence \u2013 Vitor Ciampolini et Marc-Andr\u00e9 Duchesneau<\/strong><br \/><em>Accompagner au-del\u00e0 de la performance<\/em><\/p>\n<\/td>\n<\/tr>\n<\/tbody>\n<\/table>\n<\/div>\n\t\t\t\t\t\t\t<\/div>\n\t\t\t\t\t\t<\/div>\t\t\t<\/div>\n\t\t<\/div>\n\t\t\t\t\t\t<\/div>\n\t\t\t\t<\/div>\n\t\t\t\t<\/div>\n\t\t\t\t\t<\/div>\n\t\t\t\t<\/div>\n\t\t<div class=\"elementor-element elementor-element-3359bbb3 e-con-full e-flex e-con e-parent\" data-id=\"3359bbb3\" data-element_type=\"container\" data-e-type=\"container\" data-settings=\"{&quot;jet_parallax_layout_list&quot;:[],&quot;background_background&quot;:&quot;classic&quot;}\">\n\t\t<div class=\"elementor-element elementor-element-71880a9c e-flex e-con-boxed e-con e-child\" data-id=\"71880a9c\" data-element_type=\"container\" data-e-type=\"container\" data-settings=\"{&quot;jet_parallax_layout_list&quot;:[],&quot;background_background&quot;:&quot;classic&quot;}\">\n\t\t\t\t\t<div class=\"e-con-inner\">\n\t\t<div class=\"elementor-element elementor-element-7ca149ad e-con-full e-flex e-con e-child\" data-id=\"7ca149ad\" data-element_type=\"container\" data-e-type=\"container\" data-settings=\"{&quot;jet_parallax_layout_list&quot;:[]}\">\n\t\t\t\t<div class=\"elementor-element elementor-element-7d23ea83 elementor-widget elementor-widget-heading\" data-id=\"7d23ea83\" data-element_type=\"widget\" data-e-type=\"widget\" data-widget_type=\"heading.default\">\n\t\t\t\t<div class=\"elementor-widget-container\">\n\t\t\t\t\t<h3 class=\"elementor-heading-title elementor-size-default\">Tr\u00e8s bon point<\/h3>\t\t\t\t<\/div>\n\t\t\t\t<\/div>\n\t\t\t\t<div class=\"elementor-element elementor-element-ff8429b elementor-widget__width-initial elementor-widget elementor-widget-text-editor\" data-id=\"ff8429b\" data-element_type=\"widget\" data-e-type=\"widget\" data-widget_type=\"text-editor.default\">\n\t\t\t\t<div class=\"elementor-widget-container\">\n\t\t\t\t\t\t\t\t\t<div class=\"x_elementToProof\" data-olk-copy-source=\"MessageBody\">Cr\u00e9\u00e9e en 2023, l\u2019\u00e9quipe de consultants sportifs Tr\u00e8sBonPoint accompagne les entra\u00eeneur\u00b7es, les dirigeant\u00b7es et les organisations sportives afin de g\u00e9n\u00e9rer un impact concret et durable. Guid\u00e9e par la science du sport et nourrie par l\u2019exp\u00e9rience du terrain, l\u2019\u00e9quipe allie rigueur acad\u00e9mique et proximit\u00e9 humaine pour soutenir celles et ceux qui croient au sport comme moteur de progr\u00e8s. <\/div><div> <\/div><div class=\"x_elementToProof\">Marc-Andr\u00e9 Duchesneau, docteur en sciences de l\u2019\u00e9ducation, met son expertise et ses recherches sur l\u2019apprentissage social au service de l\u2019innovation dans le milieu sportif.<\/div><div> <\/div><div class=\"x_elementToProof\">Vitor Ciampolini, docteur en \u00e9ducation physique originaire du Br\u00e9sil, est reconnu pour ses travaux sur le d\u00e9veloppement des jeunes par le sport et la formation des entra\u00eeneur\u00b7es, fort d\u2019une exp\u00e9rience internationale allant du Comit\u00e9 Olympique Br\u00e9silien au Canada.<\/div>\t\t\t\t\t\t\t\t<\/div>\n\t\t\t\t<\/div>\n\t\t\t\t<\/div>\n\t\t<div class=\"elementor-element elementor-element-66320735 e-con-full e-flex e-con e-child\" data-id=\"66320735\" data-element_type=\"container\" data-e-type=\"container\" data-settings=\"{&quot;background_background&quot;:&quot;classic&quot;,&quot;jet_parallax_layout_list&quot;:[]}\">\n\t\t\t\t<div class=\"elementor-element elementor-element-7dbb6e7f elementor-hidden-tablet elementor-hidden-mobile elementor-widget elementor-widget-image\" data-id=\"7dbb6e7f\" data-element_type=\"widget\" data-e-type=\"widget\" data-widget_type=\"image.default\">\n\t\t\t\t<div class=\"elementor-widget-container\">\n\t\t\t\t\t\t\t\t\t\t\t\t\t\t\t<img fetchpriority=\"high\" decoding=\"async\" width=\"800\" height=\"800\" src=\"https:\/\/www.triathlonquebec.org\/wp-content\/uploads\/2025\/10\/TBPV3-1024x1024.jpg\" class=\"attachment-large size-large wp-image-1807548\" alt=\"\" srcset=\"https:\/\/www.triathlonquebec.org\/wp-content\/uploads\/2025\/10\/TBPV3-1024x1024.jpg 1024w, https:\/\/www.triathlonquebec.org\/wp-content\/uploads\/2025\/10\/TBPV3-300x300.jpg 300w, https:\/\/www.triathlonquebec.org\/wp-content\/uploads\/2025\/10\/TBPV3-150x150.jpg 150w, https:\/\/www.triathlonquebec.org\/wp-content\/uploads\/2025\/10\/TBPV3-768x768.jpg 768w, https:\/\/www.triathlonquebec.org\/wp-content\/uploads\/2025\/10\/TBPV3-1536x1536.jpg 1536w, https:\/\/www.triathlonquebec.org\/wp-content\/uploads\/2025\/10\/TBPV3-2048x2048.jpg 2048w\" sizes=\"(max-width: 800px) 100vw, 800px\" \/>\t\t\t\t\t\t\t\t\t\t\t\t\t\t\t<\/div>\n\t\t\t\t<\/div>\n\t\t\t\t<\/div>\n\t\t\t\t\t<\/div>\n\t\t\t\t<\/div>\n\t\t<div class=\"elementor-element elementor-element-1174131 e-flex e-con-boxed e-con e-child\" data-id=\"1174131\" data-element_type=\"container\" data-e-type=\"container\" data-settings=\"{&quot;jet_parallax_layout_list&quot;:[],&quot;background_background&quot;:&quot;classic&quot;}\">\n\t\t\t\t\t<div class=\"e-con-inner\">\n\t\t<div class=\"elementor-element elementor-element-24d556f e-con-full e-flex e-con e-child\" data-id=\"24d556f\" data-element_type=\"container\" data-e-type=\"container\" data-settings=\"{&quot;jet_parallax_layout_list&quot;:[]}\">\n\t\t\t\t<div class=\"elementor-element elementor-element-c525e9e elementor-widget elementor-widget-heading\" data-id=\"c525e9e\" data-element_type=\"widget\" data-e-type=\"widget\" data-widget_type=\"heading.default\">\n\t\t\t\t<div class=\"elementor-widget-container\">\n\t\t\t\t\t<h3 class=\"elementor-heading-title elementor-size-default\">Antoine Jolicoeur-Desroches<\/h3>\t\t\t\t<\/div>\n\t\t\t\t<\/div>\n\t\t\t\t<div class=\"elementor-element elementor-element-34018da elementor-widget__width-initial elementor-widget elementor-widget-text-editor\" data-id=\"34018da\" data-element_type=\"widget\" data-e-type=\"widget\" data-widget_type=\"text-editor.default\">\n\t\t\t\t<div class=\"elementor-widget-container\">\n\t\t\t\t\t\t\t\t\t<p>Antoine est titulaire d\u2019un doctorat en sciences du sport. Il est physiologiste de l\u2019exercice et entra\u00eeneur. Ses recherches doctorales ont port\u00e9 sur la performance athl\u00e9tique en environnement chaud, explorant notamment les strat\u00e9gies de refroidissement avant et pendant l\u2019effort, ainsi que la validation d\u2019un dispositif permettant d\u2019estimer la temp\u00e9rature corporelle. Il est l\u2019auteur de <em>Devenir Triathl\u00e8te<\/em>, un guide complet sur le triathlon.    <\/p><p>En parall\u00e8le, Antoine a \u00e9t\u00e9 triathl\u00e8te professionnel pendant plus de dix ans, sp\u00e9cialis\u00e9 dans les \u00e9preuves Ironman et Half Ironman.<\/p>\t\t\t\t\t\t\t\t<\/div>\n\t\t\t\t<\/div>\n\t\t\t\t<\/div>\n\t\t<div class=\"elementor-element elementor-element-afe82cb e-con-full e-flex e-con e-child\" data-id=\"afe82cb\" data-element_type=\"container\" data-e-type=\"container\" data-settings=\"{&quot;background_background&quot;:&quot;classic&quot;,&quot;jet_parallax_layout_list&quot;:[]}\">\n\t\t\t\t<div class=\"elementor-element elementor-element-9a36611 elementor-hidden-tablet elementor-hidden-mobile elementor-widget elementor-widget-image\" data-id=\"9a36611\" data-element_type=\"widget\" data-e-type=\"widget\" data-widget_type=\"image.default\">\n\t\t\t\t<div class=\"elementor-widget-container\">\n\t\t\t\t\t\t\t\t\t\t\t\t\t\t\t<img decoding=\"async\" width=\"800\" height=\"633\" src=\"https:\/\/www.triathlonquebec.org\/wp-content\/uploads\/2025\/10\/photo-de-face.png\" class=\"attachment-large size-large wp-image-1807546\" alt=\"\" srcset=\"https:\/\/www.triathlonquebec.org\/wp-content\/uploads\/2025\/10\/photo-de-face.png 988w, https:\/\/www.triathlonquebec.org\/wp-content\/uploads\/2025\/10\/photo-de-face-300x237.png 300w, https:\/\/www.triathlonquebec.org\/wp-content\/uploads\/2025\/10\/photo-de-face-768x608.png 768w\" sizes=\"(max-width: 800px) 100vw, 800px\" \/>\t\t\t\t\t\t\t\t\t\t\t\t\t\t\t<\/div>\n\t\t\t\t<\/div>\n\t\t\t\t<\/div>\n\t\t\t\t\t<\/div>\n\t\t\t\t<\/div>\n\t\t<div class=\"elementor-element elementor-element-f98fa27 e-flex e-con-boxed e-con e-child\" data-id=\"f98fa27\" data-element_type=\"container\" data-e-type=\"container\" data-settings=\"{&quot;jet_parallax_layout_list&quot;:[],&quot;background_background&quot;:&quot;classic&quot;}\">\n\t\t\t\t\t<div class=\"e-con-inner\">\n\t\t<div class=\"elementor-element elementor-element-71ddc65 e-con-full e-flex e-con e-child\" data-id=\"71ddc65\" data-element_type=\"container\" data-e-type=\"container\" data-settings=\"{&quot;jet_parallax_layout_list&quot;:[]}\">\n\t\t\t\t<div class=\"elementor-element elementor-element-3ed41d6 elementor-widget elementor-widget-heading\" data-id=\"3ed41d6\" data-element_type=\"widget\" data-e-type=\"widget\" data-widget_type=\"heading.default\">\n\t\t\t\t<div class=\"elementor-widget-container\">\n\t\t\t\t\t<h3 class=\"elementor-heading-title elementor-size-default\">F\u00e9lix-Antoine Caya<\/h3>\t\t\t\t<\/div>\n\t\t\t\t<\/div>\n\t\t\t\t<div class=\"elementor-element elementor-element-8966c38 elementor-widget__width-initial elementor-widget elementor-widget-text-editor\" data-id=\"8966c38\" data-element_type=\"widget\" data-e-type=\"widget\" data-widget_type=\"text-editor.default\">\n\t\t\t\t<div class=\"elementor-widget-container\">\n\t\t\t\t\t\t\t\t\t<div data-olk-copy-source=\"MessageBody\"><span data-olk-copy-source=\"MessageBody\">F\u00e9lix-Antoine Caya est kin\u00e9siologue et th\u00e9rapeute du sport chez Athl\u00e9tiK, une clinique multidisciplinaire sp\u00e9cialis\u00e9e pour les sportifs de tous les niveaux. Il travaille \u00e0 la fois en clinique et avec des \u00e9quipes sportives. Dipl\u00f4m\u00e9 au baccalaur\u00e9at en kin\u00e9siologie et \u00e0 la ma\u00eetrise en th\u00e9rapie du sport \u00e0 l\u2019UQTR. Il s\u2019est sp\u00e9cialis\u00e9 en pr\u00e9vention, \u00e9valuation et r\u00e9adaptation des blessures musculosquelettiques. Passionn\u00e9 par la biom\u00e9canique \u00e0 v\u00e9lo, il a fond\u00e9 une entreprise unique au Canada d\u00e9di\u00e9e \u00e0 l\u2019ajustement personnalis\u00e9 des v\u00e9los en collaboration avec Ivan O\u2019Gorman d\u2019IOG Bike Fit &amp; Consulting, o\u00f9 il analyse et perfectionne le positionnement des cyclistes et triathl\u00e8tes amateurs jusqu\u2019aux professionnels    <\/span><\/div><div data-olk-copy-source=\"MessageBody\"> <\/div>\t\t\t\t\t\t\t\t<\/div>\n\t\t\t\t<\/div>\n\t\t\t\t<\/div>\n\t\t<div class=\"elementor-element elementor-element-7d2f599 e-con-full e-flex e-con e-child\" data-id=\"7d2f599\" data-element_type=\"container\" data-e-type=\"container\" data-settings=\"{&quot;background_background&quot;:&quot;classic&quot;,&quot;jet_parallax_layout_list&quot;:[]}\">\n\t\t\t\t<div class=\"elementor-element elementor-element-e83d203 elementor-hidden-tablet elementor-hidden-mobile elementor-widget elementor-widget-image\" data-id=\"e83d203\" data-element_type=\"widget\" data-e-type=\"widget\" data-widget_type=\"image.default\">\n\t\t\t\t<div class=\"elementor-widget-container\">\n\t\t\t\t\t\t\t\t\t\t\t\t\t\t\t<img decoding=\"async\" width=\"800\" height=\"748\" src=\"https:\/\/www.triathlonquebec.org\/wp-content\/uploads\/2025\/10\/FelixAntoineCaya.jpg\" class=\"attachment-large size-large wp-image-1807554\" alt=\"\" srcset=\"https:\/\/www.triathlonquebec.org\/wp-content\/uploads\/2025\/10\/FelixAntoineCaya.jpg 876w, https:\/\/www.triathlonquebec.org\/wp-content\/uploads\/2025\/10\/FelixAntoineCaya-300x280.jpg 300w, https:\/\/www.triathlonquebec.org\/wp-content\/uploads\/2025\/10\/FelixAntoineCaya-768x718.jpg 768w\" sizes=\"(max-width: 800px) 100vw, 800px\" \/>\t\t\t\t\t\t\t\t\t\t\t\t\t\t\t<\/div>\n\t\t\t\t<\/div>\n\t\t\t\t<\/div>\n\t\t\t\t\t<\/div>\n\t\t\t\t<\/div>\n\t\t\t\t<\/div>\n\t\t<div class=\"elementor-element elementor-element-5bd94c18 e-flex e-con-boxed e-con e-parent\" data-id=\"5bd94c18\" data-element_type=\"container\" data-e-type=\"container\" data-settings=\"{&quot;jet_parallax_layout_list&quot;:[],&quot;background_background&quot;:&quot;classic&quot;}\">\n\t\t\t\t\t<div class=\"e-con-inner\">\n\t\t<div class=\"elementor-element elementor-element-2c67fa6c e-con-full e-flex e-con e-child\" data-id=\"2c67fa6c\" data-element_type=\"container\" data-e-type=\"container\" data-settings=\"{&quot;jet_parallax_layout_list&quot;:[]}\">\n\t\t\t\t<div class=\"elementor-element elementor-element-216d67f1 elementor-widget elementor-widget-heading\" data-id=\"216d67f1\" data-element_type=\"widget\" data-e-type=\"widget\" data-widget_type=\"heading.default\">\n\t\t\t\t<div class=\"elementor-widget-container\">\n\t\t\t\t\t<h2 class=\"elementor-heading-title elementor-size-default\">Archives des congr\u00e8s<\/h2>\t\t\t\t<\/div>\n\t\t\t\t<\/div>\n\t\t\t\t<div class=\"elementor-element elementor-element-6195a13 bloc-accordeon  elementor-widget elementor-widget-jet-accordion\" data-id=\"6195a13\" data-element_type=\"widget\" data-e-type=\"widget\" data-widget_type=\"jet-accordion.default\">\n\t\t\t\t<div class=\"elementor-widget-container\">\n\t\t\t\t\t\t\t\t\t<div class=\"jet-accordion\" data-settings=\"{&quot;collapsible&quot;:true,&quot;ajaxTemplate&quot;:false,&quot;switchScrolling&quot;:false,&quot;switchScrollingTablet&quot;:false,&quot;switchScrollingMobile&quot;:false,&quot;switchScrollingOffset&quot;:{&quot;size&quot;:0,&quot;unit&quot;:&quot;px&quot;},&quot;switchScrollingOffsetTablet&quot;:{&quot;size&quot;:0,&quot;unit&quot;:&quot;px&quot;},&quot;switchScrollingOffsetMobile&quot;:{&quot;size&quot;:0,&quot;unit&quot;:&quot;px&quot;},&quot;switchScrollingDelay&quot;:500,&quot;switchScrollingDelayTablet&quot;:500,&quot;switchScrollingDelayMobile&quot;:500}\">\n\t\t\t<div class=\"jet-accordion__inner\">\n\t\t\t\t<div class=\" jet-accordion__item jet-toggle jet-toggle-fall-perspective-effect \">\n\t\t\t\t\t\t\t<div id=\"jet-toggle-control-1021\" class=\"jet-toggle__control elementor-menu-anchor\" data-toggle=\"1\" role=\"button\" tabindex=\"0\" aria-controls=\"jet-toggle-content-1021\" aria-expanded=\"false\" data-template-id=\"false\">\n\t\t\t\t\t\t\t\t<div class=\"jet-toggle__label-icon jet-toggle-icon-position-right\"><span class=\"jet-toggle__icon icon-normal jet-tabs-icon\"><svg xmlns=\"http:\/\/www.w3.org\/2000\/svg\" width=\"14\" height=\"17\" viewBox=\"0 0 14 17\" fill=\"none\"><path d=\"M0 9.83301L1.1875 8.62988L6.14062 13.583L6.14062 0.754883H7.85938L7.85938 13.583L12.7969 8.62988L14 9.83301L7 16.833L0 9.83301Z\" fill=\"black\"><\/path><\/svg><\/span><span class=\"jet-toggle__icon icon-active jet-tabs-icon\"><svg xmlns=\"http:\/\/www.w3.org\/2000\/svg\" width=\"16\" height=\"17\" viewBox=\"0 0 16 17\" fill=\"none\"><path d=\"M15.875 8.04199L14.0781 9.85449L9.32031 5.09668V16.2451H6.67969V5.09668L1.92969 9.85449L0.125 8.04199L8 0.166992L15.875 8.04199Z\" fill=\"black\"><\/path><\/svg><\/span><\/div><div class=\"jet-toggle__label-text\">Congr\u00e8s 2024<\/div>\t\t\t\t\t\t\t<\/div>\n\t\t\t\t\t\t\t<div id=\"jet-toggle-content-1021\" class=\"jet-toggle__content\" data-toggle=\"1\" role=\"region\" data-template-id=\"false\">\n\t\t\t\t\t\t\t\t<div class=\"jet-toggle__content-inner\"><div class=\"elementor-widget-container\">\n<h3 class=\"elementor-heading-title elementor-size-default\">Val\u00e9rie Hadd<\/h3>\n<p>Valerie is a Mental Performance Consultant (MPC) who has been working with elite athletes from a variety of sports for over 15 years. Although she has worked with both team and individual sports, it is in cycling that she has been most involved. She is currently the mental performance advisor working with the Canadian paracycling team in preparation for the Paris 2024 Games.  <\/p>\n<div class=\"elementor-widget-container\">\n<h3 class=\"elementor-heading-title elementor-size-default\">Charles Castonguay<\/h3>\n<p>Charles is a physical trainer with Universit\u00e9 Laval&#8217;s Rouge et Or program. With a Master&#8217;s degree in kinesiology, he works with many top athletes in various sports. Among others, he has worked with Alex Harvey in cross-country skiing and Charles Paquet in triathlon. As an athlete, he is a long-distance runner and a top performer in ultra-trail and ultra-marathon events.<\/p>\n<h3 class=\"elementor-heading-title elementor-size-default\">David Jeker<\/h3>\n<p>David has been supporting endurance athletes in the pursuit of their goals since 2016. David graduated from the University of Lausanne with a master&#8217;s degree in movement and sports science, with a thesis focusing on the effects of altitude and fatigue on ultra-trail performance. As an athlete, he represented Canada at the Trail World Championships in 2015, 2016, 2022 and 2023. He is an Ironman finisher (Tremblant 2014) and marathon runner.   <\/p>\n<\/div>\n<\/div>\n<\/div>\n\t\t\t\t\t\t\t<\/div>\n\t\t\t\t\t\t<\/div>\t\t\t<\/div>\n\t\t<\/div>\n\t\t\t\t\t\t<\/div>\n\t\t\t\t<\/div>\n\t\t\t\t<\/div>\n\t\t\t\t\t<\/div>\n\t\t\t\t<\/div>\n\t\t\t\t<\/div>\n\t\t","protected":false},"excerpt":{"rendered":"<p>Congr\u00e8s des entra\u00eeneur\u2e31es de Triathlon Qu\u00e9bec An exceptional day of sharing, learning and networking for all the province&#8217;s coaches Congr\u00e8s 2025: Entre Sciences accessibles et accompagnement&#8230;Comment se diff\u00e9rencier comme entraineur\u00b7E en 2025? S&#8217;inscrire au congr\u00e8s Nous travaillons d\u00e9j\u00e0 sur le contenu de l\u2019\u00e9dition 2025 qui aura lieu le 2 novembre. \u00c0 moins de changements majeurs, [&hellip;]<\/p>\n","protected":false},"author":1,"featured_media":0,"parent":1809085,"menu_order":0,"comment_status":"closed","ping_status":"closed","template":"","meta":{"footnotes":""},"categorie-evenement":[492],"class_list":["post-1801785","page","type-page","status-publish","hentry","categorie-evenement-coach"],"yoast_head":"<!-- This site is optimized with the Yoast SEO plugin v27.5 - https:\/\/yoast.com\/product\/yoast-seo-wordpress\/ -->\n<title>Coach Congress | Triathlon Qu\u00e9bec<\/title>\n<meta name=\"robots\" content=\"index, follow, max-snippet:-1, max-image-preview:large, max-video-preview:-1\" \/>\n<link rel=\"canonical\" href=\"https:\/\/www.triathlonquebec.org\/en\/become-a-coach\/coach-congress\/\" \/>\n<meta property=\"og:locale\" content=\"en_US\" \/>\n<meta property=\"og:type\" content=\"article\" \/>\n<meta property=\"og:title\" content=\"Coach Congress | Triathlon Qu\u00e9bec\" \/>\n<meta property=\"og:description\" content=\"Congr\u00e8s des entra\u00eeneur\u2e31es de Triathlon Qu\u00e9bec An exceptional day of sharing, learning and networking for all the province&#8217;s coaches Congr\u00e8s 2025: Entre Sciences accessibles et accompagnement&#8230;Comment se diff\u00e9rencier comme entraineur\u00b7E en 2025? S&#8217;inscrire au congr\u00e8s Nous travaillons d\u00e9j\u00e0 sur le contenu de l\u2019\u00e9dition 2025 qui aura lieu le 2 novembre. \u00c0 moins de changements majeurs, [&hellip;]\" \/>\n<meta property=\"og:url\" content=\"https:\/\/www.triathlonquebec.org\/en\/become-a-coach\/coach-congress\/\" \/>\n<meta property=\"og:site_name\" content=\"Triathlon Qu\u00e9bec\" \/>\n<meta property=\"article:modified_time\" content=\"2026-03-05T17:28:07+00:00\" \/>\n<meta property=\"og:image\" content=\"https:\/\/www.triathlonquebec.org\/wp-content\/uploads\/2025\/10\/TBPV3-1024x1024.jpg\" \/>\n<meta name=\"twitter:card\" content=\"summary_large_image\" \/>\n<meta name=\"twitter:label1\" content=\"Est. reading time\" \/>\n\t<meta name=\"twitter:data1\" content=\"4 minutes\" \/>\n<script type=\"application\/ld+json\" class=\"yoast-schema-graph\">{\"@context\":\"https:\\\/\\\/schema.org\",\"@graph\":[{\"@type\":\"WebPage\",\"@id\":\"https:\\\/\\\/www.triathlonquebec.org\\\/en\\\/become-a-coach\\\/coach-congress\\\/\",\"url\":\"https:\\\/\\\/www.triathlonquebec.org\\\/en\\\/become-a-coach\\\/coach-congress\\\/\",\"name\":\"Coach Congress | Triathlon Qu\u00e9bec\",\"isPartOf\":{\"@id\":\"https:\\\/\\\/www.triathlonquebec.org\\\/en\\\/#website\"},\"primaryImageOfPage\":{\"@id\":\"https:\\\/\\\/www.triathlonquebec.org\\\/en\\\/become-a-coach\\\/coach-congress\\\/#primaryimage\"},\"image\":{\"@id\":\"https:\\\/\\\/www.triathlonquebec.org\\\/en\\\/become-a-coach\\\/coach-congress\\\/#primaryimage\"},\"thumbnailUrl\":\"https:\\\/\\\/www.triathlonquebec.org\\\/wp-content\\\/uploads\\\/2025\\\/10\\\/TBPV3-1024x1024.jpg\",\"datePublished\":\"2025-04-04T22:17:59+00:00\",\"dateModified\":\"2026-03-05T17:28:07+00:00\",\"breadcrumb\":{\"@id\":\"https:\\\/\\\/www.triathlonquebec.org\\\/en\\\/become-a-coach\\\/coach-congress\\\/#breadcrumb\"},\"inLanguage\":\"en-US\",\"potentialAction\":[{\"@type\":\"ReadAction\",\"target\":[\"https:\\\/\\\/www.triathlonquebec.org\\\/en\\\/become-a-coach\\\/coach-congress\\\/\"]}]},{\"@type\":\"ImageObject\",\"inLanguage\":\"en-US\",\"@id\":\"https:\\\/\\\/www.triathlonquebec.org\\\/en\\\/become-a-coach\\\/coach-congress\\\/#primaryimage\",\"url\":\"https:\\\/\\\/www.triathlonquebec.org\\\/wp-content\\\/uploads\\\/2025\\\/10\\\/TBPV3-1024x1024.jpg\",\"contentUrl\":\"https:\\\/\\\/www.triathlonquebec.org\\\/wp-content\\\/uploads\\\/2025\\\/10\\\/TBPV3-1024x1024.jpg\"},{\"@type\":\"BreadcrumbList\",\"@id\":\"https:\\\/\\\/www.triathlonquebec.org\\\/en\\\/become-a-coach\\\/coach-congress\\\/#breadcrumb\",\"itemListElement\":[{\"@type\":\"ListItem\",\"position\":1,\"name\":\"Accueil\",\"item\":\"https:\\\/\\\/www.triathlonquebec.org\\\/en\\\/\"},{\"@type\":\"ListItem\",\"position\":2,\"name\":\"Become a coach\",\"item\":\"https:\\\/\\\/www.triathlonquebec.org\\\/en\\\/become-a-coach\\\/\"},{\"@type\":\"ListItem\",\"position\":3,\"name\":\"Coach Congress\"}]},{\"@type\":\"WebSite\",\"@id\":\"https:\\\/\\\/www.triathlonquebec.org\\\/en\\\/#website\",\"url\":\"https:\\\/\\\/www.triathlonquebec.org\\\/en\\\/\",\"name\":\"Triathlon Qu\u00e9bec\",\"description\":\"\",\"potentialAction\":[{\"@type\":\"SearchAction\",\"target\":{\"@type\":\"EntryPoint\",\"urlTemplate\":\"https:\\\/\\\/www.triathlonquebec.org\\\/en\\\/?s={search_term_string}\"},\"query-input\":{\"@type\":\"PropertyValueSpecification\",\"valueRequired\":true,\"valueName\":\"search_term_string\"}}],\"inLanguage\":\"en-US\"}]}<\/script>\n<!-- \/ Yoast SEO plugin. -->","yoast_head_json":{"title":"Coach Congress | Triathlon Qu\u00e9bec","robots":{"index":"index","follow":"follow","max-snippet":"max-snippet:-1","max-image-preview":"max-image-preview:large","max-video-preview":"max-video-preview:-1"},"canonical":"https:\/\/www.triathlonquebec.org\/en\/become-a-coach\/coach-congress\/","og_locale":"en_US","og_type":"article","og_title":"Coach Congress | Triathlon Qu\u00e9bec","og_description":"Congr\u00e8s des entra\u00eeneur\u2e31es de Triathlon Qu\u00e9bec An exceptional day of sharing, learning and networking for all the province&#8217;s coaches Congr\u00e8s 2025: Entre Sciences accessibles et accompagnement&#8230;Comment se diff\u00e9rencier comme entraineur\u00b7E en 2025? S&#8217;inscrire au congr\u00e8s Nous travaillons d\u00e9j\u00e0 sur le contenu de l\u2019\u00e9dition 2025 qui aura lieu le 2 novembre. \u00c0 moins de changements majeurs, [&hellip;]","og_url":"https:\/\/www.triathlonquebec.org\/en\/become-a-coach\/coach-congress\/","og_site_name":"Triathlon Qu\u00e9bec","article_modified_time":"2026-03-05T17:28:07+00:00","og_image":[{"url":"https:\/\/www.triathlonquebec.org\/wp-content\/uploads\/2025\/10\/TBPV3-1024x1024.jpg","type":"","width":"","height":""}],"twitter_card":"summary_large_image","twitter_misc":{"Est. reading time":"4 minutes"},"schema":{"@context":"https:\/\/schema.org","@graph":[{"@type":"WebPage","@id":"https:\/\/www.triathlonquebec.org\/en\/become-a-coach\/coach-congress\/","url":"https:\/\/www.triathlonquebec.org\/en\/become-a-coach\/coach-congress\/","name":"Coach Congress | Triathlon Qu\u00e9bec","isPartOf":{"@id":"https:\/\/www.triathlonquebec.org\/en\/#website"},"primaryImageOfPage":{"@id":"https:\/\/www.triathlonquebec.org\/en\/become-a-coach\/coach-congress\/#primaryimage"},"image":{"@id":"https:\/\/www.triathlonquebec.org\/en\/become-a-coach\/coach-congress\/#primaryimage"},"thumbnailUrl":"https:\/\/www.triathlonquebec.org\/wp-content\/uploads\/2025\/10\/TBPV3-1024x1024.jpg","datePublished":"2025-04-04T22:17:59+00:00","dateModified":"2026-03-05T17:28:07+00:00","breadcrumb":{"@id":"https:\/\/www.triathlonquebec.org\/en\/become-a-coach\/coach-congress\/#breadcrumb"},"inLanguage":"en-US","potentialAction":[{"@type":"ReadAction","target":["https:\/\/www.triathlonquebec.org\/en\/become-a-coach\/coach-congress\/"]}]},{"@type":"ImageObject","inLanguage":"en-US","@id":"https:\/\/www.triathlonquebec.org\/en\/become-a-coach\/coach-congress\/#primaryimage","url":"https:\/\/www.triathlonquebec.org\/wp-content\/uploads\/2025\/10\/TBPV3-1024x1024.jpg","contentUrl":"https:\/\/www.triathlonquebec.org\/wp-content\/uploads\/2025\/10\/TBPV3-1024x1024.jpg"},{"@type":"BreadcrumbList","@id":"https:\/\/www.triathlonquebec.org\/en\/become-a-coach\/coach-congress\/#breadcrumb","itemListElement":[{"@type":"ListItem","position":1,"name":"Accueil","item":"https:\/\/www.triathlonquebec.org\/en\/"},{"@type":"ListItem","position":2,"name":"Become a coach","item":"https:\/\/www.triathlonquebec.org\/en\/become-a-coach\/"},{"@type":"ListItem","position":3,"name":"Coach Congress"}]},{"@type":"WebSite","@id":"https:\/\/www.triathlonquebec.org\/en\/#website","url":"https:\/\/www.triathlonquebec.org\/en\/","name":"Triathlon Qu\u00e9bec","description":"","potentialAction":[{"@type":"SearchAction","target":{"@type":"EntryPoint","urlTemplate":"https:\/\/www.triathlonquebec.org\/en\/?s={search_term_string}"},"query-input":{"@type":"PropertyValueSpecification","valueRequired":true,"valueName":"search_term_string"}}],"inLanguage":"en-US"}]}},"_links":{"self":[{"href":"https:\/\/www.triathlonquebec.org\/en\/wp-json\/wp\/v2\/pages\/1801785","targetHints":{"allow":["GET"]}}],"collection":[{"href":"https:\/\/www.triathlonquebec.org\/en\/wp-json\/wp\/v2\/pages"}],"about":[{"href":"https:\/\/www.triathlonquebec.org\/en\/wp-json\/wp\/v2\/types\/page"}],"author":[{"embeddable":true,"href":"https:\/\/www.triathlonquebec.org\/en\/wp-json\/wp\/v2\/users\/1"}],"replies":[{"embeddable":true,"href":"https:\/\/www.triathlonquebec.org\/en\/wp-json\/wp\/v2\/comments?post=1801785"}],"version-history":[{"count":5,"href":"https:\/\/www.triathlonquebec.org\/en\/wp-json\/wp\/v2\/pages\/1801785\/revisions"}],"predecessor-version":[{"id":1809080,"href":"https:\/\/www.triathlonquebec.org\/en\/wp-json\/wp\/v2\/pages\/1801785\/revisions\/1809080"}],"up":[{"embeddable":true,"href":"https:\/\/www.triathlonquebec.org\/en\/wp-json\/wp\/v2\/pages\/1809085"}],"wp:attachment":[{"href":"https:\/\/www.triathlonquebec.org\/en\/wp-json\/wp\/v2\/media?parent=1801785"}],"wp:term":[{"taxonomy":"categorie-evenement","embeddable":true,"href":"https:\/\/www.triathlonquebec.org\/en\/wp-json\/wp\/v2\/categorie-evenement?post=1801785"}],"curies":[{"name":"wp","href":"https:\/\/api.w.org\/{rel}","templated":true}]}}